{"id":41457,"date":"2020-08-19T13:51:02","date_gmt":"2020-08-19T13:51:02","guid":{"rendered":"https:\/\/francobachot.com.br\/?page_id=41457"},"modified":"2022-04-22T21:12:42","modified_gmt":"2022-04-22T21:12:42","slug":"sustentabilidade","status":"publish","type":"page","link":"https:\/\/francobachot.com.br\/es\/sustentabilidade\/","title":{"rendered":"Sustentabilidade"},"content":{"rendered":"<div data-elementor-type=\"wp-page\" data-elementor-id=\"41457\" class=\"elementor elementor-41457\" data-elementor-post-type=\"page\">\n\t\t\t\t\t\t<section data-particle_enable=\"false\" data-particle-mobile-disabled=\"false\" data-dce-background-color=\"#EAEDEF\" class=\"elementor-section elementor-top-section elementor-element elementor-element-b1f1648 elementor-section-content-middle elementor-section-stretched elementor-section-boxed elementor-section-height-default elementor-section-height-default\" data-id=\"b1f1648\" data-element_type=\"section\" data-settings=\"{&quot;background_background&quot;:&quot;classic&quot;,&quot;stretch_section&quot;:&quot;section-stretched&quot;}\">\n\t\t\t\t\t\t<div class=\"elementor-container elementor-column-gap-default\">\n\t\t\t\t\t<div class=\"elementor-column elementor-col-100 elementor-top-column elementor-element elementor-element-9382675\" data-id=\"9382675\" data-element_type=\"column\">\n\t\t\t<div class=\"elementor-widget-wrap elementor-element-populated\">\n\t\t\t\t\t\t<div class=\"elementor-element elementor-element-d81139f elementor-widget elementor-widget-woocommerce-breadcrumb\" data-id=\"d81139f\" data-element_type=\"widget\" data-widget_type=\"woocommerce-breadcrumb.default\">\n\t\t\t\t<div class=\"elementor-widget-container\">\n\t\t\t\t\t<nav class=\"woocommerce-breadcrumb\" aria-label=\"Breadcrumb\" data-no-translation=\"\" data-trp-gettext=\"\">Inicio<\/nav>\t\t\t\t<\/div>\n\t\t\t\t<\/div>\n\t\t\t\t\t<\/div>\n\t\t<\/div>\n\t\t\t\t\t<\/div>\n\t\t<\/section>\n\t\t\t\t<section data-particle_enable=\"false\" data-particle-mobile-disabled=\"false\" data-dce-background-image-url=\"http:\/\/francobachot.com.br\/wp-content\/uploads\/2020\/12\/Imagem-Banner-Sustentabilidade-min.jpeg\" class=\"elementor-section elementor-top-section elementor-element elementor-element-1590a3a elementor-section-full_width elementor-section-stretched elementor-section-height-default elementor-section-height-default\" data-id=\"1590a3a\" data-element_type=\"section\" data-settings=\"{&quot;stretch_section&quot;:&quot;section-stretched&quot;,&quot;background_background&quot;:&quot;classic&quot;}\">\n\t\t\t\t\t\t\t<div class=\"elementor-background-overlay\"><\/div>\n\t\t\t\t\t\t\t<div class=\"elementor-container elementor-column-gap-default\">\n\t\t\t\t\t<div class=\"elementor-column elementor-col-100 elementor-top-column elementor-element elementor-element-a168e6a\" data-id=\"a168e6a\" data-element_type=\"column\">\n\t\t\t<div class=\"elementor-widget-wrap\">\n\t\t\t\t\t\t\t<\/div>\n\t\t<\/div>\n\t\t\t\t\t<\/div>\n\t\t<\/section>\n\t\t\t\t<section data-particle_enable=\"false\" data-particle-mobile-disabled=\"false\" data-dce-background-color=\"#FFFFFF\" class=\"elementor-section elementor-top-section elementor-element elementor-element-56ac779 elementor-section-stretched elementor-section-boxed elementor-section-height-default elementor-section-height-default\" data-id=\"56ac779\" data-element_type=\"section\" data-settings=\"{&quot;stretch_section&quot;:&quot;section-stretched&quot;,&quot;background_background&quot;:&quot;classic&quot;}\">\n\t\t\t\t\t\t<div class=\"elementor-container elementor-column-gap-default\">\n\t\t\t\t\t<div class=\"elementor-column elementor-col-100 elementor-top-column elementor-element elementor-element-0b809b5\" data-id=\"0b809b5\" data-element_type=\"column\">\n\t\t\t<div class=\"elementor-widget-wrap elementor-element-populated\">\n\t\t\t\t\t\t<div class=\"elementor-element elementor-element-81c7a9b elementor-invisible elementor-widget elementor-widget-heading\" data-id=\"81c7a9b\" data-element_type=\"widget\" data-settings=\"{&quot;_animation&quot;:&quot;fadeInLeft&quot;}\" data-widget_type=\"heading.default\">\n\t\t\t\t<div class=\"elementor-widget-container\">\n\t\t\t\t\t<span class=\"elementor-heading-title elementor-size-default\">SUSTENTABILIDAD<\/span>\t\t\t\t<\/div>\n\t\t\t\t<\/div>\n\t\t\t\t\t<\/div>\n\t\t<\/div>\n\t\t\t\t\t<\/div>\n\t\t<\/section>\n\t\t\t\t<section data-particle_enable=\"false\" data-particle-mobile-disabled=\"false\" data-dce-background-color=\"#FFFFFF\" class=\"elementor-section elementor-top-section elementor-element elementor-element-fc13b86 elementor-section-stretched elementor-section-boxed elementor-section-height-default elementor-section-height-default\" data-id=\"fc13b86\" data-element_type=\"section\" data-settings=\"{&quot;stretch_section&quot;:&quot;section-stretched&quot;,&quot;background_background&quot;:&quot;classic&quot;}\">\n\t\t\t\t\t\t<div class=\"elementor-container elementor-column-gap-default\">\n\t\t\t\t\t<div class=\"elementor-column elementor-col-50 elementor-top-column elementor-element elementor-element-eed6b29\" data-id=\"eed6b29\" data-element_type=\"column\">\n\t\t\t<div class=\"elementor-widget-wrap elementor-element-populated\">\n\t\t\t\t\t\t<div class=\"elementor-element elementor-element-8090332 dce_masking-none elementor-invisible elementor-widget elementor-widget-image\" data-id=\"8090332\" data-element_type=\"widget\" data-settings=\"{&quot;_animation&quot;:&quot;zoomIn&quot;}\" data-widget_type=\"image.default\">\n\t\t\t\t<div class=\"elementor-widget-container\">\n\t\t\t\t\t\t\t\t\t\t\t\t\t\t\t<img fetchpriority=\"high\" decoding=\"async\" width=\"500\" height=\"400\" src=\"https:\/\/francobachot.com.br\/wp-content\/uploads\/2021\/03\/IBAMA.png\" class=\"elementor-animation-grow attachment-full size-full wp-image-45153\" alt=\"SUSTENTABILIDADE - Franco Bachot\" srcset=\"https:\/\/francobachot.com.br\/wp-content\/uploads\/2021\/03\/IBAMA.png 500w, https:\/\/francobachot.com.br\/wp-content\/uploads\/2021\/03\/IBAMA-300x240.png 300w, https:\/\/francobachot.com.br\/wp-content\/uploads\/2021\/03\/IBAMA-16x12.png 16w, https:\/\/francobachot.com.br\/wp-content\/uploads\/2021\/03\/IBAMA-400x320.png 400w\" sizes=\"(max-width: 500px) 100vw, 500px\" \/>\t\t\t\t\t\t\t\t\t\t\t\t\t\t\t<\/div>\n\t\t\t\t<\/div>\n\t\t\t\t\t<\/div>\n\t\t<\/div>\n\t\t\t\t<div class=\"elementor-column elementor-col-50 elementor-top-column elementor-element elementor-element-2422649\" data-id=\"2422649\" data-element_type=\"column\">\n\t\t\t<div class=\"elementor-widget-wrap elementor-element-populated\">\n\t\t\t\t\t\t<div class=\"elementor-element elementor-element-8fd301d p-14 elementor-invisible elementor-widget elementor-widget-text-editor\" data-id=\"8fd301d\" data-element_type=\"widget\" data-settings=\"{&quot;_animation&quot;:&quot;fadeInLeft&quot;}\" data-widget_type=\"text-editor.default\">\n\t\t\t\t<div class=\"elementor-widget-container\">\n\t\t\t\t\t\t\t\t\t<p><strong>Respeito, comprometimento e responsabilidade norteiam as nossas atividades di\u00e1rias, desde a compra de mat\u00e9ria-prima at\u00e9 o descarte dos res\u00edduos decorrentes da produ\u00e7\u00e3o de m\u00f3veis. \u00c9 por isso que as madeiras usadas na fabrica\u00e7\u00e3o de m\u00f3veis s\u00e3o certificadas, normatizadas e fiscalizadas pelo IBAMA. Sabendo a origem da mat\u00e9ria-prima, contribu\u00edmos para instituir um processo fabril transparente e sustent\u00e1vel.<\/strong><\/p>\t\t\t\t\t\t\t\t<\/div>\n\t\t\t\t<\/div>\n\t\t\t\t\t<\/div>\n\t\t<\/div>\n\t\t\t\t\t<\/div>\n\t\t<\/section>\n\t\t\t\t<section data-particle_enable=\"false\" data-particle-mobile-disabled=\"false\" data-dce-background-color=\"#FFFFFF\" class=\"elementor-section elementor-top-section elementor-element elementor-element-81310e4 elementor-section-stretched elementor-section-boxed elementor-section-height-default elementor-section-height-default\" data-id=\"81310e4\" data-element_type=\"section\" data-settings=\"{&quot;stretch_section&quot;:&quot;section-stretched&quot;,&quot;background_background&quot;:&quot;classic&quot;}\">\n\t\t\t\t\t\t<div class=\"elementor-container elementor-column-gap-default\">\n\t\t\t\t\t<div class=\"elementor-column elementor-col-50 elementor-top-column elementor-element elementor-element-dddf3ff\" data-id=\"dddf3ff\" data-element_type=\"column\">\n\t\t\t<div class=\"elementor-widget-wrap elementor-element-populated\">\n\t\t\t\t\t\t<div class=\"elementor-element elementor-element-58a2760 dce_masking-none elementor-invisible elementor-widget elementor-widget-image\" data-id=\"58a2760\" data-element_type=\"widget\" data-settings=\"{&quot;_animation&quot;:&quot;zoomIn&quot;}\" data-widget_type=\"image.default\">\n\t\t\t\t<div class=\"elementor-widget-container\">\n\t\t\t\t\t\t\t\t\t\t\t\t\t\t\t<img decoding=\"async\" width=\"6048\" height=\"4024\" src=\"https:\/\/francobachot.com.br\/wp-content\/uploads\/2020\/12\/Imagem-Banner-Sustentabilidade-min.jpeg\" class=\"elementor-animation-grow attachment-full size-full wp-image-42452\" alt=\"\" srcset=\"https:\/\/francobachot.com.br\/wp-content\/uploads\/2020\/12\/Imagem-Banner-Sustentabilidade-min.jpeg 6048w, https:\/\/francobachot.com.br\/wp-content\/uploads\/2020\/12\/Imagem-Banner-Sustentabilidade-min-300x200.jpeg 300w, https:\/\/francobachot.com.br\/wp-content\/uploads\/2020\/12\/Imagem-Banner-Sustentabilidade-min-1024x681.jpeg 1024w, https:\/\/francobachot.com.br\/wp-content\/uploads\/2020\/12\/Imagem-Banner-Sustentabilidade-min-768x511.jpeg 768w, https:\/\/francobachot.com.br\/wp-content\/uploads\/2020\/12\/Imagem-Banner-Sustentabilidade-min-1536x1022.jpeg 1536w, https:\/\/francobachot.com.br\/wp-content\/uploads\/2020\/12\/Imagem-Banner-Sustentabilidade-min-2048x1363.jpeg 2048w, https:\/\/francobachot.com.br\/wp-content\/uploads\/2020\/12\/Imagem-Banner-Sustentabilidade-min-400x266.jpeg 400w, https:\/\/francobachot.com.br\/wp-content\/uploads\/2020\/12\/Imagem-Banner-Sustentabilidade-min-128x84.jpeg 128w, https:\/\/francobachot.com.br\/wp-content\/uploads\/2020\/12\/Imagem-Banner-Sustentabilidade-min-495x330.jpeg 495w, https:\/\/francobachot.com.br\/wp-content\/uploads\/2020\/12\/Imagem-Banner-Sustentabilidade-min-800x532.jpeg 800w, https:\/\/francobachot.com.br\/wp-content\/uploads\/2020\/12\/Imagem-Banner-Sustentabilidade-min-550x366.jpeg 550w\" sizes=\"(max-width: 6048px) 100vw, 6048px\" \/>\t\t\t\t\t\t\t\t\t\t\t\t\t\t\t<\/div>\n\t\t\t\t<\/div>\n\t\t\t\t\t<\/div>\n\t\t<\/div>\n\t\t\t\t<div class=\"elementor-column elementor-col-50 elementor-top-column elementor-element elementor-element-2701e34\" data-id=\"2701e34\" data-element_type=\"column\">\n\t\t\t<div class=\"elementor-widget-wrap elementor-element-populated\">\n\t\t\t\t\t\t<div class=\"elementor-element elementor-element-2486b4f p-14 elementor-invisible elementor-widget elementor-widget-text-editor\" data-id=\"2486b4f\" data-element_type=\"widget\" data-settings=\"{&quot;_animation&quot;:&quot;fadeInLeft&quot;}\" data-widget_type=\"text-editor.default\">\n\t\t\t\t<div class=\"elementor-widget-container\">\n\t\t\t\t\t\t\t\t\t<p><b>Desenvolvimento de a\u00e7\u00f5es internas como o reaproveitamento da \u00e1gua, a adequa\u00e7\u00e3o dos galp\u00f5es do parque fabril para aproveitar o uso da luz solar com a finalidade de reduzir o consumo de energia el\u00e9trica e a reciclagem e o adequado descarte dos materiais, s\u00e3o algumas das medidas socioambientais adotadas pela empresa.<\/b><\/p>\t\t\t\t\t\t\t\t<\/div>\n\t\t\t\t<\/div>\n\t\t\t\t\t<\/div>\n\t\t<\/div>\n\t\t\t\t\t<\/div>\n\t\t<\/section>\n\t\t\t\t<section data-particle_enable=\"false\" data-particle-mobile-disabled=\"false\" data-dce-background-color=\"#FFFFFF\" class=\"elementor-section elementor-top-section elementor-element elementor-element-d5a45b5 elementor-section-stretched elementor-section-boxed elementor-section-height-default elementor-section-height-default\" data-id=\"d5a45b5\" data-element_type=\"section\" data-settings=\"{&quot;stretch_section&quot;:&quot;section-stretched&quot;,&quot;background_background&quot;:&quot;classic&quot;}\">\n\t\t\t\t\t\t<div class=\"elementor-container elementor-column-gap-default\">\n\t\t\t\t\t<div class=\"elementor-column elementor-col-50 elementor-top-column elementor-element elementor-element-4b4f5af\" data-id=\"4b4f5af\" data-element_type=\"column\">\n\t\t\t<div class=\"elementor-widget-wrap elementor-element-populated\">\n\t\t\t\t\t\t<div class=\"elementor-element elementor-element-b881304 dce_masking-none elementor-invisible elementor-widget elementor-widget-image\" data-id=\"b881304\" data-element_type=\"widget\" data-settings=\"{&quot;_animation&quot;:&quot;zoomIn&quot;}\" data-widget_type=\"image.default\">\n\t\t\t\t<div class=\"elementor-widget-container\">\n\t\t\t\t\t\t\t\t\t\t\t\t\t\t\t<img decoding=\"async\" width=\"500\" height=\"400\" src=\"https:\/\/francobachot.com.br\/wp-content\/uploads\/2021\/03\/GREEN-KITCHEN.png\" class=\"elementor-animation-grow attachment-full size-full wp-image-45154\" alt=\"\" srcset=\"https:\/\/francobachot.com.br\/wp-content\/uploads\/2021\/03\/GREEN-KITCHEN.png 500w, https:\/\/francobachot.com.br\/wp-content\/uploads\/2021\/03\/GREEN-KITCHEN-300x240.png 300w, https:\/\/francobachot.com.br\/wp-content\/uploads\/2021\/03\/GREEN-KITCHEN-16x12.png 16w, https:\/\/francobachot.com.br\/wp-content\/uploads\/2021\/03\/GREEN-KITCHEN-400x320.png 400w\" sizes=\"(max-width: 500px) 100vw, 500px\" \/>\t\t\t\t\t\t\t\t\t\t\t\t\t\t\t<\/div>\n\t\t\t\t<\/div>\n\t\t\t\t\t<\/div>\n\t\t<\/div>\n\t\t\t\t<div class=\"elementor-column elementor-col-50 elementor-top-column elementor-element elementor-element-f549b20\" data-id=\"f549b20\" data-element_type=\"column\">\n\t\t\t<div class=\"elementor-widget-wrap elementor-element-populated\">\n\t\t\t\t\t\t<div class=\"elementor-element elementor-element-50ff98c p-14 elementor-invisible elementor-widget elementor-widget-text-editor\" data-id=\"50ff98c\" data-element_type=\"widget\" data-settings=\"{&quot;_animation&quot;:&quot;fadeInLeft&quot;}\" data-widget_type=\"text-editor.default\">\n\t\t\t\t<div class=\"elementor-widget-container\">\n\t\t\t\t\t\t\t\t\t<p><strong>Adem\u00e1s de las acciones pr\u00e1cticas, tambi\u00e9n existe la preocupaci\u00f3n por mantener las certificaciones pertinentes en el \u00e1mbito medioambiental. La empresa forma parte del programa Green Kitchen Brasil, cuyo objetivo es se\u00f1alar directrices para hacer m\u00e1s sustentable el desempe\u00f1o de toda la cadena de servicios alimentarios en Brasil. As\u00ed, Franco Bachot se compromete a ofrecer productos que cumplan con las normas y reglamentos para la preservaci\u00f3n del medio ambiente y el uso sustentable de los recursos naturales.<\/strong><\/p>\t\t\t\t\t\t\t\t<\/div>\n\t\t\t\t<\/div>\n\t\t\t\t\t<\/div>\n\t\t<\/div>\n\t\t\t\t\t<\/div>\n\t\t<\/section>\n\t\t\t\t<section data-particle_enable=\"false\" data-particle-mobile-disabled=\"false\" data-dce-background-overlay-color=\"#202020\" data-dce-background-image-url=\"http:\/\/francobachot.com.br\/wp-content\/uploads\/2020\/06\/191120-Franco-Bachot-015.jpg\" class=\"elementor-section elementor-top-section elementor-element elementor-element-646c369 elementor-section-full_width elementor-section-stretched elementor-section-height-default elementor-section-height-default\" data-id=\"646c369\" data-element_type=\"section\" id=\"inscreva-se\" data-settings=\"{&quot;background_background&quot;:&quot;classic&quot;,&quot;stretch_section&quot;:&quot;section-stretched&quot;}\">\n\t\t\t\t\t\t\t<div class=\"elementor-background-overlay\"><\/div>\n\t\t\t\t\t\t\t<div class=\"elementor-container elementor-column-gap-default\">\n\t\t\t\t\t<div class=\"elementor-column elementor-col-100 elementor-top-column elementor-element elementor-element-dccb29f\" data-id=\"dccb29f\" data-element_type=\"column\">\n\t\t\t<div class=\"elementor-widget-wrap elementor-element-populated\">\n\t\t\t\t\t\t<div class=\"elementor-element elementor-element-57b207d elementor-widget elementor-widget-heading\" data-id=\"57b207d\" data-element_type=\"widget\" data-widget_type=\"heading.default\">\n\t\t\t\t<div class=\"elementor-widget-container\">\n\t\t\t\t\t<p class=\"elementor-heading-title elementor-size-default\"><strong>\u00a1Reg\u00edstrese<\/strong> para recibir las <br>\u00faltimas noticias y ofertas especiales!<\/p>\t\t\t\t<\/div>\n\t\t\t\t<\/div>\n\t\t\t\t<section data-particle_enable=\"false\" data-particle-mobile-disabled=\"false\" class=\"elementor-section elementor-inner-section elementor-element elementor-element-ebcb54f elementor-section-boxed elementor-section-height-default elementor-section-height-default\" data-id=\"ebcb54f\" data-element_type=\"section\">\n\t\t\t\t\t\t<div class=\"elementor-container elementor-column-gap-default\">\n\t\t\t\t\t<div class=\"elementor-column elementor-col-100 elementor-inner-column elementor-element elementor-element-a4dd4bd\" data-id=\"a4dd4bd\" data-element_type=\"column\">\n\t\t\t<div class=\"elementor-widget-wrap elementor-element-populated\">\n\t\t\t\t\t\t<div class=\"elementor-element elementor-element-ac6635c elementor-widget elementor-widget-html\" data-id=\"ac6635c\" data-element_type=\"widget\" data-widget_type=\"html.default\">\n\t\t\t\t<div class=\"elementor-widget-container\">\n\t\t\t\t\t<div style=\"display:flex;justify-content:center;\" role=\"main\" id=\"fb-newsletter-6c6f1e7b30ddb2bd57bb\"><\/div>\n<script type=\"text\/javascript\" src=\"https:\/\/d335luupugsy2.cloudfront.net\/js\/rdstation-forms\/stable\/rdstation-forms.min.js\"><\/script>\n<script type=\"text\/javascript\"> new RDStationForms('fb-newsletter-6c6f1e7b30ddb2bd57bb', 'UA-37770090-2').createForm();<\/script>\t\t\t\t<\/div>\n\t\t\t\t<\/div>\n\t\t\t\t\t<\/div>\n\t\t<\/div>\n\t\t\t\t\t<\/div>\n\t\t<\/section>\n\t\t\t\t\t<\/div>\n\t\t<\/div>\n\t\t\t\t\t<\/div>\n\t\t<\/section>\n\t\t\t\t<\/div>","protected":false},"excerpt":{"rendered":"<p>SUSTENTABILIDADE Respeito, comprometimento e responsabilidade norteiam as nossas atividades di\u00e1rias, desde a compra de mat\u00e9ria-prima at\u00e9 o descarte dos res\u00edduos decorrentes da produ\u00e7\u00e3o de m\u00f3veis. \u00c9 por isso que as madeiras usadas na fabrica\u00e7\u00e3o de m\u00f3veis s\u00e3o certificadas, normatizadas e fiscalizadas pelo IBAMA. Sabendo a origem da mat\u00e9ria-prima, contribu\u00edmos para instituir um processo fabril transparente e sustent\u00e1vel. Desenvolvimento de a\u00e7\u00f5es internas como o reaproveitamento da \u00e1gua, a adequa\u00e7\u00e3o dos galp\u00f5es do parque fabril para aproveitar o uso da luz solar com a finalidade de reduzir o consumo de energia el\u00e9trica e a reciclagem e o adequado descarte dos materiais, s\u00e3o [&hellip;]<\/p>","protected":false},"author":68,"featured_media":0,"parent":0,"menu_order":0,"comment_status":"closed","ping_status":"closed","template":"","meta":{"_acf_changed":false,"footnotes":""},"class_list":["post-41457","page","type-page","status-publish","hentry"],"acf":[],"yoast_head":"<!-- This site is optimized with the Yoast SEO Premium plugin v15.0 - https:\/\/yoast.com\/wordpress\/plugins\/seo\/ -->\n<title>Conhe\u00e7a a \u00e1rea de Sustentabilidade | Franco Bachot<\/title>\n<meta name=\"description\" content=\"As madeiras usadas na fabrica\u00e7\u00e3o de m\u00f3veis s\u00e3o certificadas, normatizadas e fiscalizadas pelo IBAMA. Sabendo a origem da mat\u00e9ria-prima.\" \/>\n<meta name=\"robots\" content=\"index, follow, max-snippet:-1, max-image-preview:large, max-video-preview:-1\" \/>\n<link rel=\"canonical\" href=\"https:\/\/francobachot.com.br\/es\/sustentabilidade\/\" \/>\n<meta property=\"og:locale\" content=\"es_ES\" \/>\n<meta property=\"og:type\" content=\"article\" \/>\n<meta property=\"og:title\" content=\"Conhe\u00e7a a \u00e1rea de Sustentabilidade | Franco Bachot\" \/>\n<meta property=\"og:description\" content=\"As madeiras usadas na fabrica\u00e7\u00e3o de m\u00f3veis s\u00e3o certificadas, normatizadas e fiscalizadas pelo IBAMA. Sabendo a origem da mat\u00e9ria-prima.\" \/>\n<meta property=\"og:url\" content=\"https:\/\/francobachot.com.br\/es\/sustentabilidade\/\" \/>\n<meta property=\"og:site_name\" content=\"Franco Bachot\" \/>\n<meta property=\"article:modified_time\" content=\"2022-04-22T21:12:42+00:00\" \/>\n<meta property=\"og:image\" content=\"https:\/\/francobachot.com.br\/wp-content\/uploads\/2021\/03\/IBAMA.png\" \/>\n<meta name=\"twitter:card\" content=\"summary_large_image\" \/>\n<script type=\"application\/ld+json\" class=\"yoast-schema-graph\">{\"@context\":\"https:\/\/schema.org\",\"@graph\":[{\"@type\":\"WebSite\",\"@id\":\"https:\/\/francobachot.com.br\/es\/#website\",\"url\":\"https:\/\/francobachot.com.br\/es\/\",\"name\":\"Franco Bachot\",\"description\":\"\",\"potentialAction\":[{\"@type\":\"SearchAction\",\"target\":\"https:\/\/francobachot.com.br\/es\/?s={search_term_string}\",\"query-input\":\"required name=search_term_string\"}],\"inLanguage\":\"es\"},{\"@type\":\"ImageObject\",\"@id\":\"https:\/\/francobachot.com.br\/es\/sustentabilidade\/#primaryimage\",\"inLanguage\":\"es\",\"url\":\"https:\/\/francobachot.com.br\/wp-content\/uploads\/2021\/03\/IBAMA.png\",\"width\":500,\"height\":400,\"caption\":\"Respeito, comprometimento e responsabilidade norteiam as nossas atividades di\\u00e1rias, desde a compra de mat\\u00e9ria-prima at\\u00e9 o descarte dos res\\u00edduos decorrentes da produ\\u00e7\\u00e3o de m\\u00f3veis. \\u00c9 por isso que as madeiras usadas na fabrica\\u00e7\\u00e3o de m\\u00f3veis s\\u00e3o certificadas, normatizadas e fiscalizadas pelo IBAMA. Sabendo a origem da mat\\u00e9ria-prima, contribu\\u00edmos para instituir um processo fabril transparente e sustent\\u00e1vel.\"},{\"@type\":\"WebPage\",\"@id\":\"https:\/\/francobachot.com.br\/es\/sustentabilidade\/#webpage\",\"url\":\"https:\/\/francobachot.com.br\/es\/sustentabilidade\/\",\"name\":\"Conhe\\u00e7a a \\u00e1rea de Sustentabilidade | Franco Bachot\",\"isPartOf\":{\"@id\":\"https:\/\/francobachot.com.br\/es\/#website\"},\"primaryImageOfPage\":{\"@id\":\"https:\/\/francobachot.com.br\/es\/sustentabilidade\/#primaryimage\"},\"datePublished\":\"2020-08-19T13:51:02+00:00\",\"dateModified\":\"2022-04-22T21:12:42+00:00\",\"description\":\"As madeiras usadas na fabrica\\u00e7\\u00e3o de m\\u00f3veis s\\u00e3o certificadas, normatizadas e fiscalizadas pelo IBAMA. Sabendo a origem da mat\\u00e9ria-prima.\",\"inLanguage\":\"es\",\"potentialAction\":[{\"@type\":\"ReadAction\",\"target\":[\"https:\/\/francobachot.com.br\/es\/sustentabilidade\/\"]}]}]}<\/script>\n<!-- \/ Yoast SEO Premium plugin. -->","_links":{"self":[{"href":"https:\/\/francobachot.com.br\/es\/wp-json\/wp\/v2\/pages\/41457","targetHints":{"allow":["GET"]}}],"collection":[{"href":"https:\/\/francobachot.com.br\/es\/wp-json\/wp\/v2\/pages"}],"about":[{"href":"https:\/\/francobachot.com.br\/es\/wp-json\/wp\/v2\/types\/page"}],"author":[{"embeddable":true,"href":"https:\/\/francobachot.com.br\/es\/wp-json\/wp\/v2\/users\/68"}],"replies":[{"embeddable":true,"href":"https:\/\/francobachot.com.br\/es\/wp-json\/wp\/v2\/comments?post=41457"}],"version-history":[{"count":0,"href":"https:\/\/francobachot.com.br\/es\/wp-json\/wp\/v2\/pages\/41457\/revisions"}],"wp:attachment":[{"href":"https:\/\/francobachot.com.br\/es\/wp-json\/wp\/v2\/media?parent=41457"}],"curies":[{"name":"wp","href":"https:\/\/api.w.org\/{rel}","templated":true}]}}